{"id":181,"date":"2022-12-14T08:27:55","date_gmt":"2022-12-14T08:27:55","guid":{"rendered":"http:\/\/deubefevents.com\/uebasen\/?page_id=181"},"modified":"2023-03-07T14:10:54","modified_gmt":"2023-03-07T14:10:54","slug":"paneller","status":"publish","type":"page","link":"http:\/\/deubefevents.com\/uebasen\/paneller\/","title":{"rendered":"Panels"},"content":{"rendered":"\n<p style=\"font-size:32px\"><strong>Migration, Education and Psychological Counseling Panel<\/strong><\/p>\n\n\n\n<p class=\"has-medium-font-size\">Moderator: Prof. Dr. Fatma Ebru \u0130kiz<\/p>\n\n\n\n<p><\/p>\n\n\n\n<p><strong><strong>Invited Speakers<\/strong><\/strong><\/p>\n\n\n\n<figure class=\"wp-block-table\"><table><tbody><tr><td>Prof. Dr. Yelda Ka\u011fn\u0131c\u0131<\/td><td>Accompanying the migration experience as a psychological counselor<\/td><\/tr><tr><td>Prof. Dr. Firdevs Savi \u00c7akar<\/td><td>Migration, Crisis and Traumas<\/td><\/tr><tr><td>Assoc.Dr. Seda Donat Bac\u0131o\u011flu<\/td><td>Post-Migration Adaptation and Incompatibility in Children and Adolescents<\/td><\/tr><\/tbody><\/table><\/figure>\n\n\n\n<div class=\"wp-block-jetpack-layout-grid column1-desktop-grid__span-12 column1-desktop-grid__row-1 column1-tablet-grid__span-8 column1-tablet-grid__row-1 column1-mobile-grid__span-4 column1-mobile-grid__row-1\">\n<div class=\"wp-block-jetpack-layout-grid-column wp-block-jetpack-layout-grid__padding-none\"><div class=\"wp-block-image is-style-rounded\">\n<figure class=\"aligncenter size-medium is-resized\"><img loading=\"lazy\" decoding=\"async\" src=\"http:\/\/deubefevents.com\/uebasen\/wp-content\/uploads\/2023\/01\/Picture6-300x300.jpg\" alt=\"\" class=\"wp-image-261\" width=\"342\" height=\"342\" srcset=\"http:\/\/deubefevents.com\/uebasen\/wp-content\/uploads\/2023\/01\/Picture6-300x300.jpg 300w, http:\/\/deubefevents.com\/uebasen\/wp-content\/uploads\/2023\/01\/Picture6-150x150.jpg 150w, http:\/\/deubefevents.com\/uebasen\/wp-content\/uploads\/2023\/01\/Picture6.jpg 450w\" sizes=\"auto, (max-width: 342px) 100vw, 342px\" \/><figcaption class=\"wp-element-caption\">Prof.Dr.F. Ebru \u0130kiz, Dokuz Eyl\u00fcl University<\/figcaption><\/figure>\n<\/div><\/div>\n<\/div>\n\n\n\n<div class=\"wp-block-jetpack-layout-grid column1-desktop-grid__span-4 column1-desktop-grid__row-1 column2-desktop-grid__span-4 column2-desktop-grid__start-5 column2-desktop-grid__row-1 column3-desktop-grid__span-4 column3-desktop-grid__start-9 column3-desktop-grid__row-1 column1-tablet-grid__span-4 column1-tablet-grid__row-1 column2-tablet-grid__span-4 column2-tablet-grid__start-5 column2-tablet-grid__row-1 column3-tablet-grid__span-8 column3-tablet-grid__row-2 column1-mobile-grid__span-4 column1-mobile-grid__row-1 column2-mobile-grid__span-4 column2-mobile-grid__row-2 column3-mobile-grid__span-4 column3-mobile-grid__row-3\">\n<div class=\"wp-block-jetpack-layout-grid-column wp-block-jetpack-layout-grid__padding-none\"><div class=\"wp-block-image is-style-rounded\">\n<figure class=\"aligncenter size-medium\"><img loading=\"lazy\" decoding=\"async\" width=\"300\" height=\"300\" src=\"http:\/\/deubefevents.com\/uebasen\/wp-content\/uploads\/2023\/01\/Picture7-300x300.jpg\" alt=\"\" class=\"wp-image-262\" srcset=\"http:\/\/deubefevents.com\/uebasen\/wp-content\/uploads\/2023\/01\/Picture7-300x300.jpg 300w, http:\/\/deubefevents.com\/uebasen\/wp-content\/uploads\/2023\/01\/Picture7-150x150.jpg 150w, http:\/\/deubefevents.com\/uebasen\/wp-content\/uploads\/2023\/01\/Picture7.jpg 450w\" sizes=\"auto, (max-width: 300px) 100vw, 300px\" \/><figcaption class=\"wp-element-caption\">Prof.Dr. D. Yelda Ka\u011fn\u0131c\u0131, Ege University<\/figcaption><\/figure>\n<\/div><\/div>\n\n\n\n<div class=\"wp-block-jetpack-layout-grid-column wp-block-jetpack-layout-grid__padding-none\"><div class=\"wp-block-image is-style-rounded\">\n<figure class=\"aligncenter size-medium\"><img loading=\"lazy\" decoding=\"async\" width=\"240\" height=\"300\" src=\"http:\/\/deubefevents.com\/uebasen\/wp-content\/uploads\/2023\/01\/Picture8-240x300.jpg\" alt=\"\" class=\"wp-image-263\" srcset=\"http:\/\/deubefevents.com\/uebasen\/wp-content\/uploads\/2023\/01\/Picture8-240x300.jpg 240w, http:\/\/deubefevents.com\/uebasen\/wp-content\/uploads\/2023\/01\/Picture8.jpg 402w\" sizes=\"auto, (max-width: 240px) 100vw, 240px\" \/><figcaption class=\"wp-element-caption\">Prof.Dr. Firdevs Savi \u00c7akar, Mehmet Akif Ersoy University<\/figcaption><\/figure>\n<\/div><\/div>\n\n\n\n<div class=\"wp-block-jetpack-layout-grid-column wp-block-jetpack-layout-grid__padding-none\"><div class=\"wp-block-image is-style-rounded\">\n<figure class=\"aligncenter size-medium\"><img loading=\"lazy\" decoding=\"async\" width=\"225\" height=\"300\" src=\"http:\/\/deubefevents.com\/uebasen\/wp-content\/uploads\/2023\/01\/Picture9-225x300.jpg\" alt=\"\" class=\"wp-image-264\" srcset=\"http:\/\/deubefevents.com\/uebasen\/wp-content\/uploads\/2023\/01\/Picture9-225x300.jpg 225w, http:\/\/deubefevents.com\/uebasen\/wp-content\/uploads\/2023\/01\/Picture9.jpg 430w\" sizes=\"auto, (max-width: 225px) 100vw, 225px\" \/><figcaption class=\"wp-element-caption\">Assoc.Prof.Dr. Seda Donat Bac\u0131o\u011flu, Trakya University<\/figcaption><\/figure>\n<\/div><\/div>\n<\/div>\n\n\n\n<p><\/p>\n\n\n\n<p class=\"has-large-font-size\"><strong>Inclusive Education Panel<\/strong><\/p>\n\n\n\n<p class=\"has-medium-font-size\">Moderator: Prof. Dr. \u0130dris \u015eahin<\/p>\n\n\n\n<p><\/p>\n\n\n\n<p class=\"has-medium-font-size\"><strong>Invited Speakers<\/strong><\/p>\n\n\n\n<p>Prof. Dr. Ruken Akar Vural : Drama and Theater Pedagogy as an Opportunity for Inclusive Education<\/p>\n\n\n\n<p>Asst.Prof.Dr. Donald Staub : Inclusive Leadership at the Unit Level in Higher Education: Vignettes and Voices of Directors of Schools of Foreign Languages<\/p>\n\n\n<div class=\"wp-block-image is-style-rounded\">\n<figure class=\"aligncenter size-full\"><img loading=\"lazy\" decoding=\"async\" width=\"320\" height=\"320\" src=\"http:\/\/deubefevents.com\/uebasen\/wp-content\/uploads\/2023\/03\/WhatsApp-Image-2023-03-01-at-20.55.58.jpeg\" alt=\"\" class=\"wp-image-327\" srcset=\"http:\/\/deubefevents.com\/uebasen\/wp-content\/uploads\/2023\/03\/WhatsApp-Image-2023-03-01-at-20.55.58.jpeg 320w, http:\/\/deubefevents.com\/uebasen\/wp-content\/uploads\/2023\/03\/WhatsApp-Image-2023-03-01-at-20.55.58-300x300.jpeg 300w, http:\/\/deubefevents.com\/uebasen\/wp-content\/uploads\/2023\/03\/WhatsApp-Image-2023-03-01-at-20.55.58-150x150.jpeg 150w\" sizes=\"auto, (max-width: 320px) 100vw, 320px\" \/><figcaption class=\"wp-element-caption\">\u00a0Prof. Dr. \u0130dris \u015eahin, Dokuz Eyl\u00fcl University<br><\/figcaption><\/figure>\n<\/div>\n\n\n<div class=\"wp-block-jetpack-layout-grid column1-desktop-grid__span-6 column1-desktop-grid__row-1 column2-desktop-grid__span-6 column2-desktop-grid__start-7 column2-desktop-grid__row-1 column1-tablet-grid__span-4 column1-tablet-grid__row-1 column2-tablet-grid__span-4 column2-tablet-grid__start-5 column2-tablet-grid__row-1 column1-mobile-grid__span-4 column1-mobile-grid__row-1 column2-mobile-grid__span-4 column2-mobile-grid__row-2\">\n<div class=\"wp-block-jetpack-layout-grid-column wp-block-jetpack-layout-grid__padding-none\"><div class=\"wp-block-image is-style-rounded\">\n<figure class=\"aligncenter size-medium\"><img loading=\"lazy\" decoding=\"async\" width=\"239\" height=\"300\" src=\"http:\/\/deubefevents.com\/uebasen\/wp-content\/uploads\/2023\/01\/Picture10-239x300.jpg\" alt=\"\" class=\"wp-image-303\" srcset=\"http:\/\/deubefevents.com\/uebasen\/wp-content\/uploads\/2023\/01\/Picture10-239x300.jpg 239w, http:\/\/deubefevents.com\/uebasen\/wp-content\/uploads\/2023\/01\/Picture10.jpg 404w\" sizes=\"auto, (max-width: 239px) 100vw, 239px\" \/><figcaption class=\"wp-element-caption\">Prof. Dr. Ruken Akar Vural, Ayd\u0131n Adnan Menderes University<\/figcaption><\/figure>\n<\/div><\/div>\n\n\n\n<div class=\"wp-block-jetpack-layout-grid-column wp-block-jetpack-layout-grid__padding-none\"><div class=\"wp-block-image is-style-rounded\">\n<figure class=\"aligncenter size-medium\"><img loading=\"lazy\" decoding=\"async\" width=\"224\" height=\"300\" src=\"http:\/\/deubefevents.com\/uebasen\/wp-content\/uploads\/2023\/01\/Picture11-224x300.jpg\" alt=\"\" class=\"wp-image-304\" srcset=\"http:\/\/deubefevents.com\/uebasen\/wp-content\/uploads\/2023\/01\/Picture11-224x300.jpg 224w, http:\/\/deubefevents.com\/uebasen\/wp-content\/uploads\/2023\/01\/Picture11.jpg 399w\" sizes=\"auto, (max-width: 224px) 100vw, 224px\" \/><figcaption class=\"wp-element-caption\">Asst.Prof.Dr. Donald Staub, \u0130zmir Ekonomi \u00dcniversitesi<\/figcaption><\/figure>\n<\/div><\/div>\n<\/div>\n","protected":false},"excerpt":{"rendered":"<p>Migration, Education and Psychological Counseling Panel Moderator: Prof. Dr. Fatma Ebru \u0130kiz Invited Speakers Prof. Dr. Yelda Ka\u011fn\u0131c\u0131 Accompanying the migration experience as a psychological counselor Prof. Dr. Firdevs Savi \u00c7akar Migration, Crisis and Traumas Assoc.Dr. Seda Donat Bac\u0131o\u011flu Post-Migration Adaptation and Incompatibility in Children and Adolescents Inclusive Education Panel Moderator: Prof. Dr. \u0130dris \u015eahin [&hellip;]<\/p>\n","protected":false},"author":1,"featured_media":0,"parent":0,"menu_order":0,"comment_status":"closed","ping_status":"closed","template":"","meta":{"footnotes":""},"class_list":["post-181","page","type-page","status-publish","hentry"],"_links":{"self":[{"href":"http:\/\/deubefevents.com\/uebasen\/wp-json\/wp\/v2\/pages\/181","targetHints":{"allow":["GET"]}}],"collection":[{"href":"http:\/\/deubefevents.com\/uebasen\/wp-json\/wp\/v2\/pages"}],"about":[{"href":"http:\/\/deubefevents.com\/uebasen\/wp-json\/wp\/v2\/types\/page"}],"author":[{"embeddable":true,"href":"http:\/\/deubefevents.com\/uebasen\/wp-json\/wp\/v2\/users\/1"}],"replies":[{"embeddable":true,"href":"http:\/\/deubefevents.com\/uebasen\/wp-json\/wp\/v2\/comments?post=181"}],"version-history":[{"count":10,"href":"http:\/\/deubefevents.com\/uebasen\/wp-json\/wp\/v2\/pages\/181\/revisions"}],"predecessor-version":[{"id":338,"href":"http:\/\/deubefevents.com\/uebasen\/wp-json\/wp\/v2\/pages\/181\/revisions\/338"}],"wp:attachment":[{"href":"http:\/\/deubefevents.com\/uebasen\/wp-json\/wp\/v2\/media?parent=181"}],"curies":[{"name":"wp","href":"https:\/\/api.w.org\/{rel}","templated":true}]}}