{"id":67,"date":"2023-04-16T22:53:09","date_gmt":"2023-04-16T22:53:09","guid":{"rendered":"https:\/\/deubefevents.com\/mandolinfest\/?page_id=67"},"modified":"2023-05-31T07:58:29","modified_gmt":"2023-05-31T07:58:29","slug":"kurullar","status":"publish","type":"page","link":"https:\/\/deubefevents.com\/mandolinfest\/kurullar\/","title":{"rendered":"Kurullar"},"content":{"rendered":"\n<style>\ntable {\n    background-color: #262626;\n    color: white;\n    width: 100%;\n    border-collapse: collapse;\n    font-size: 14px;\n}\nth, td {\n    border: 1px solid gray;\n    padding: 5px;\n    text-align: center;\n}\ntr:nth-child(even) {\n    background-color: #262626;\n    color: white;\n}\ntr:nth-child(odd) {\n    background-color: #343434;\n    color: white;\n}\n<\/style>\n\n<table>\n  <tr>\n    <td colspan=\"2\">D\u00fczenleme Kurulu<\/td>\n  <\/tr>\n  <tr>\n    <td>Prof. Dr. N\u00fckhet HOTAR<\/td>\n    <td>Rekt\u00f6r-Onursal Ba\u015fkan<\/td>\n  <\/tr>\n  <tr>\n    <td>Prof. Dr. M\u00fcmtaz Hakan SAKAR<\/td>\n    <td>D\u00fczenleme Kurulu B\u015fk\/M\u00fczik E\u011ft. ABD B\u015fk.<\/td>\n  <\/tr>\n  <tr>\n    <td>Do\u00e7. Dr. Ay\u00e7a AVCI<\/td>\n    <td><\/td>\n  <\/tr>\n  <tr>\n    <td>Dr. \u00d6\u011fr \u00dcye. Esin U\u00c7AL CANAKAY<\/td>\n    <td><\/td>\n  <\/tr>\n  <tr>\n    <td>\u00d6\u011fr. G\u00f6r. Dr. G\u00fcrkan G\u00dcLE\u00c7<\/td>\n    <td><\/td>\n  <\/tr>\n  <tr>\n    <td>\u00d6\u011fr. G\u00f6r. Erdo\u011fan TURANLI<\/td>\n    <td><\/td>\n  <\/tr>\n  <tr>\n    <td>Solist (Tenor) H\u00fcseyin GEN\u00c7<\/td>\n    <td>\u0130zmir Devlet Opera ve Balesi<\/td>\n  <\/tr>\n<\/table>\n<table>\n  <tr>\n    <td colspan=\"2\">Dan\u0131\u015fma Kurulu<\/td>\n  <\/tr>\n\n  <tr>\n    <td>Prof. Tahsin KILI\u00c7<\/td>\n    <td>DE\u00dc BEF Emekli \u00d6\u011fr. \u00dcye<\/td>\n  <\/tr>\n  <tr>\n    <td>Do\u00e7. Metin AYDIN<\/td>\n    <td>DE\u00dc BEF Emekli \u00d6\u011fr. \u00dcye<\/td>\n  <\/tr>\n  <tr>\n    <td>Yrd. Do\u00e7. Z\u00fcbeyde KIRLI<\/td>\n    <td>DE\u00dc BEF Emekli \u00d6\u011fr. \u00dcye<\/td>\n  <\/tr>\n  <tr>\n    <td>Kamuran OKTAY<\/td>\n    <td>Emekli M\u00fczik \u00d6\u011frt.<\/td>\n  <\/tr>\n  <tr>\n    <td>Serpil \u00d6ZY\u00dcKSEL<\/td>\n    <td>Emekli M\u00fczik \u00d6\u011frt.<\/td>\n  <\/tr>\n  <tr>\n    <td>Hakan AYSEV<\/td>\n    <td>Devlet Opera Sanat\u00e7\u0131s\u0131<\/td>\n  <\/tr>\n  <tr>\n    <td>\u00d6\u011fr. G\u00f6r. Zhanna AKT\u00dcRK<\/td>\n    <td>Alanya Alaaddin Keykubat \u00dcniversitesi<\/td>\n  <\/tr>\n<\/table>\n\n","protected":false},"excerpt":{"rendered":"<p>D\u00fczenleme Kurulu Prof. Dr. N\u00fckhet HOTAR Rekt\u00f6r-Onursal Ba\u015fkan Prof. Dr. M\u00fcmtaz Hakan SAKAR D\u00fczenleme Kurulu B\u015fk\/M\u00fczik E\u011ft. ABD B\u015fk. Do\u00e7. Dr. Ay\u00e7a AVCI Dr. \u00d6\u011fr \u00dcye. Esin U\u00c7AL CANAKAY \u00d6\u011fr.<\/p>\n<p class=\"more-link\"><a href=\"https:\/\/deubefevents.com\/mandolinfest\/kurullar\/\" class=\"readmore\">Continue reading<span class=\"screen-reader-text\">Kurullar<\/span><\/a><\/p>\n","protected":false},"author":1,"featured_media":0,"parent":0,"menu_order":0,"comment_status":"closed","ping_status":"closed","template":"","meta":{"ngg_post_thumbnail":0,"footnotes":""},"class_list":["post-67","page","type-page","status-publish","hentry"],"_links":{"self":[{"href":"https:\/\/deubefevents.com\/mandolinfest\/wp-json\/wp\/v2\/pages\/67","targetHints":{"allow":["GET"]}}],"collection":[{"href":"https:\/\/deubefevents.com\/mandolinfest\/wp-json\/wp\/v2\/pages"}],"about":[{"href":"https:\/\/deubefevents.com\/mandolinfest\/wp-json\/wp\/v2\/types\/page"}],"author":[{"embeddable":true,"href":"https:\/\/deubefevents.com\/mandolinfest\/wp-json\/wp\/v2\/users\/1"}],"replies":[{"embeddable":true,"href":"https:\/\/deubefevents.com\/mandolinfest\/wp-json\/wp\/v2\/comments?post=67"}],"version-history":[{"count":8,"href":"https:\/\/deubefevents.com\/mandolinfest\/wp-json\/wp\/v2\/pages\/67\/revisions"}],"predecessor-version":[{"id":250,"href":"https:\/\/deubefevents.com\/mandolinfest\/wp-json\/wp\/v2\/pages\/67\/revisions\/250"}],"wp:attachment":[{"href":"https:\/\/deubefevents.com\/mandolinfest\/wp-json\/wp\/v2\/media?parent=67"}],"curies":[{"name":"wp","href":"https:\/\/api.w.org\/{rel}","templated":true}]}}